{"id":6968,"date":"2022-03-22T10:53:55","date_gmt":"2022-03-22T09:53:55","guid":{"rendered":"http:\/\/dejongsleen.practicom.website\/?page_id=6968"},"modified":"2022-03-22T15:47:12","modified_gmt":"2022-03-22T14:47:12","slug":"historia","status":"publish","type":"page","link":"https:\/\/www.dejongsleen.nl\/pt-pt\/quem-somos\/historia\/","title":{"rendered":"Historia"},"content":{"rendered":"[vc_row type=&#8221;in_container&#8221; full_screen_row_position=&#8221;middle&#8221; column_margin=&#8221;default&#8221; column_direction=&#8221;default&#8221; column_direction_tablet=&#8221;default&#8221; column_direction_phone=&#8221;default&#8221; scene_position=&#8221;center&#8221; text_color=&#8221;dark&#8221; text_align=&#8221;left&#8221; row_border_radius=&#8221;none&#8221; row_border_radius_applies=&#8221;bg&#8221; overlay_strength=&#8221;0.3&#8243; gradient_direction=&#8221;left_to_right&#8221; shape_divider_position=&#8221;bottom&#8221; bg_image_animation=&#8221;none&#8221;][vc_column column_padding=&#8221;no-extra-padding&#8221; column_padding_tablet=&#8221;inherit&#8221; column_padding_phone=&#8221;inherit&#8221; column_padding_position=&#8221;all&#8221; column_element_spacing=&#8221;default&#8221; background_color_opacity=&#8221;1&#8243; background_hover_color_opacity=&#8221;1&#8243; column_shadow=&#8221;none&#8221; column_border_radius=&#8221;none&#8221; column_link_target=&#8221;_self&#8221; gradient_direction=&#8221;left_to_right&#8221; overlay_strength=&#8221;0.3&#8243; width=&#8221;1\/1&#8243; tablet_width_inherit=&#8221;default&#8221; tablet_text_alignment=&#8221;default&#8221; phone_text_alignment=&#8221;default&#8221; bg_image_animation=&#8221;none&#8221; border_type=&#8221;simple&#8221; column_border_width=&#8221;none&#8221; column_border_style=&#8221;solid&#8221;][divider line_type=&#8221;No Line&#8221; custom_height=&#8221;30&#8243;][\/vc_column][\/vc_row][vc_row type=&#8221;full_width_background&#8221; full_screen_row_position=&#8221;middle&#8221; column_margin=&#8221;default&#8221; column_direction=&#8221;default&#8221; column_direction_tablet=&#8221;default&#8221; column_direction_phone=&#8221;default&#8221; bg_color=&#8221;#009fe3&#8243; scene_position=&#8221;center&#8221; top_padding=&#8221;30px&#8221; constrain_group_1=&#8221;yes&#8221; bottom_padding=&#8221;30px&#8221; left_padding_desktop=&#8221;20px&#8221; constrain_group_2=&#8221;yes&#8221; right_padding_desktop=&#8221;20px&#8221; text_color=&#8221;light&#8221; text_align=&#8221;left&#8221; row_border_radius=&#8221;none&#8221; row_border_radius_applies=&#8221;bg&#8221; id=&#8221;intro&#8221; overlay_strength=&#8221;0.3&#8243; gradient_direction=&#8221;left_to_right&#8221; shape_divider_position=&#8221;bottom&#8221; bg_image_animation=&#8221;none&#8221; shape_type=&#8221;&#8221;][vc_column column_padding=&#8221;no-extra-padding&#8221; column_padding_tablet=&#8221;inherit&#8221; column_padding_phone=&#8221;inherit&#8221; column_padding_position=&#8221;all&#8221; column_element_spacing=&#8221;default&#8221; background_color_opacity=&#8221;1&#8243; background_hover_color_opacity=&#8221;1&#8243; column_shadow=&#8221;none&#8221; column_border_radius=&#8221;none&#8221; column_link_target=&#8221;_self&#8221; gradient_direction=&#8221;left_to_right&#8221; overlay_strength=&#8221;0.3&#8243; width=&#8221;1\/1&#8243; tablet_width_inherit=&#8221;default&#8221; tablet_text_alignment=&#8221;default&#8221; phone_text_alignment=&#8221;default&#8221; bg_image_animation=&#8221;none&#8221; border_type=&#8221;simple&#8221; column_border_width=&#8221;none&#8221; column_border_style=&#8221;solid&#8221;][vc_column_text]\n<h2>&#8220;Runen&#8221; e o &#8220;Runenpleats&#8221;<\/h2>\n[\/vc_column_text][vc_row_inner column_margin=&#8221;default&#8221; column_direction=&#8221;default&#8221; column_direction_tablet=&#8221;default&#8221; column_direction_phone=&#8221;default&#8221; text_align=&#8221;left&#8221;][vc_column_inner column_padding=&#8221;no-extra-padding&#8221; column_padding_tablet=&#8221;inherit&#8221; column_padding_phone=&#8221;inherit&#8221; column_padding_position=&#8221;all&#8221; column_element_spacing=&#8221;default&#8221; background_color_opacity=&#8221;1&#8243; background_hover_color_opacity=&#8221;1&#8243; column_shadow=&#8221;none&#8221; column_border_radius=&#8221;none&#8221; column_link_target=&#8221;_self&#8221; gradient_direction=&#8221;left_to_right&#8221; overlay_strength=&#8221;0.3&#8243; width=&#8221;1\/1&#8243; tablet_width_inherit=&#8221;default&#8221; bg_image_animation=&#8221;none&#8221; border_type=&#8221;simple&#8221; column_border_width=&#8221;none&#8221; column_border_style=&#8221;solid&#8221;][vc_column_text]Os rendimentos gerados pelo patrim\u00f4nio da Funda\u00e7\u00e3o &#8220;Gebroeders de Jong&#8217;s Leen&#8221; se destina a possibilitar a forma\u00e7\u00e3o e os estudos dos descendentes de Herre Rinia e Reinskje van der Sluis.<br \/>\nSe voc\u00ea est\u00e1 interessado na origem da Funda\u00e7\u00e3o, podemos lhe aconselhar que leia a hist\u00f3ria abaixo.[\/vc_column_text][\/vc_column_inner][\/vc_row_inner][\/vc_column][\/vc_row][vc_row type=&#8221;full_width_background&#8221; full_screen_row_position=&#8221;middle&#8221; column_margin=&#8221;default&#8221; column_direction=&#8221;default&#8221; column_direction_tablet=&#8221;default&#8221; column_direction_phone=&#8221;default&#8221; bg_image=&#8221;6647&#8243; bg_position=&#8221;right bottom&#8221; background_image_loading=&#8221;default&#8221; bg_repeat=&#8221;no-repeat&#8221; scene_position=&#8221;center&#8221; top_padding=&#8221;30px&#8221; text_color=&#8221;dark&#8221; text_align=&#8221;left&#8221; row_border_radius=&#8221;none&#8221; row_border_radius_applies=&#8221;bg&#8221; color_overlay=&#8221;#f8f8f8&#8243; color_overlay_2=&#8221;#f8f8f8&#8243; overlay_strength=&#8221;0.8&#8243; gradient_direction=&#8221;left_to_right&#8221; shape_divider_position=&#8221;bottom&#8221; bg_image_animation=&#8221;none&#8221; shape_type=&#8221;&#8221;][vc_column column_padding=&#8221;no-extra-padding&#8221; column_padding_tablet=&#8221;inherit&#8221; column_padding_phone=&#8221;inherit&#8221; column_padding_position=&#8221;all&#8221; column_element_spacing=&#8221;default&#8221; background_color_opacity=&#8221;1&#8243; background_hover_color_opacity=&#8221;1&#8243; column_shadow=&#8221;none&#8221; column_border_radius=&#8221;none&#8221; column_link_target=&#8221;_self&#8221; gradient_direction=&#8221;left_to_right&#8221; overlay_strength=&#8221;0.3&#8243; width=&#8221;1\/1&#8243; tablet_width_inherit=&#8221;default&#8221; tablet_text_alignment=&#8221;default&#8221; phone_text_alignment=&#8221;default&#8221; bg_image_animation=&#8221;none&#8221; border_type=&#8221;simple&#8221; column_border_width=&#8221;none&#8221; column_border_style=&#8221;solid&#8221;][vc_row_inner column_margin=&#8221;default&#8221; column_direction=&#8221;default&#8221; column_direction_tablet=&#8221;default&#8221; column_direction_phone=&#8221;default&#8221; text_align=&#8221;left&#8221;][vc_column_inner column_padding=&#8221;no-extra-padding&#8221; column_padding_tablet=&#8221;inherit&#8221; column_padding_phone=&#8221;inherit&#8221; column_padding_position=&#8221;all&#8221; column_element_spacing=&#8221;default&#8221; background_color_opacity=&#8221;1&#8243; background_hover_color_opacity=&#8221;1&#8243; column_shadow=&#8221;none&#8221; column_border_radius=&#8221;none&#8221; column_link_target=&#8221;_self&#8221; gradient_direction=&#8221;left_to_right&#8221; overlay_strength=&#8221;0.3&#8243; width=&#8221;1\/1&#8243; tablet_width_inherit=&#8221;default&#8221; bg_image_animation=&#8221;none&#8221; border_type=&#8221;simple&#8221; column_border_width=&#8221;none&#8221; column_border_style=&#8221;solid&#8221;][vc_column_text]\n<h3>Herre Rinia e Reinskje van der Sluis<\/h3>\n[\/vc_column_text][vc_column_text]Herre Rinia nasceu a 19 de Mar\u00e7o de 1754 em Cornwerd. Reinskje van der Sluis nasceu a 1763 em Hellevoetsluis. Casaram no dia 3 de Maio de 1789 e tiveram quatro filhos: Tjeerd (nascido a 13 de Fevereiro de 1790), Jeltje (nascida a 12 de Outubro de 1794), Joukje (nascida a 5 de Abril de 1797) e Sijbrichje (nascida a 28 de Maio de 1802).<\/p>\n<p>Para chegarmos na &#8220;Gebroeders de Jong&#8217;s Leen&#8221;, precisamos acompanhar a vida de Joukje Herres Rinia. Ela casou no dia 17 de Mar\u00e7o de 1822, com Sijtze de Jong, que havia nascido a 27 de Maio de 1795 em Woudsend. Ele era filho de Sijtze Sijtzes de Jong, batizado em Woudsend a 27 de Janeiro de 1771, e Janke Jelles Zoethout, batizado em Woudsend a 19 de Novembro de 1769, que haviam contra\u00eddo matrim\u00f4nio no dia 2 de Novembro de 1794 em sua cidade natal. No dia 4 de Agosto de 1800 eles se mudaram para Joure, levando um atestado da Igreja Reformada Holandesa de Woudsend, e ali viveram na rua Midstraat numa casa que \u00e0 \u00e9poca levava o n\u00famero 320. Sijtze Sijtzes s\u00eanior era comerciante de manteiga, juiz de paz no foro de Akkrum, e membro do conselho municipal do antigo munic\u00edpio de Haskerland. Ele faleceu a 2 de Fevereiro de 1839. Sua esposa faleceu a 12 de Maio de 1843, ambos em Joure.<\/p>\n<p>Ap\u00f3s o matrim\u00f4nio, tamb\u00e9m Sijtze Sijtzes J\u00fanior e Joukje Herres Rinia vieram morar na rua Midstraat em Joure, na casa que \u00e0 \u00e9poca levava o n\u00famero 80. No registro p\u00fablico do munic\u00edpio de Haskerland, a princ\u00edpio tamb\u00e9m Sijtze Sijtzes J\u00fanior estava registrado como comerciante de manteiga. Somente ap\u00f3s 1860 \u00e9 que se encontra registrado com profiss\u00e3o e domic\u00edlio indicados como \u201cpecuarista em Westermeer\u201d.<\/p>\n<p>Sijtze de Jong j\u00fanior e Joukje Herres Rinia n\u00e3o tiveram uma vida f\u00e1cil, em muitos sentidos. Tiveram nove filhos, dos quais cinco faleceram ainda durante a inf\u00e2ncia ou juventude. Eram, em ordem de nascimento: Reinskje (nascida a 19 de Julho de 1827 e falecida a 22 de Abril de 1828), Herre (nascido a 19 de Fevereiro de 1829 e falecido a 15 de Dezembro de 1843) e Jan (nascido a 16 de Mar\u00e7o de 1831 e falecido a 17 de Mar\u00e7o de 1852). Este \u00faltimo estava registrado como aprendiz de marceneiro, mas perdeu a vida no mar. Depois disso, a fam\u00edlia ainda perdeu duas filhas, ambas chamadas Reinskje. A primeira, nascida a 1o de Fevereiro de 1833, faleceu com pouco mais de um ano e meio, a 4 de Setembro de 1834. A segunda, nascida a 19 de Novembro de 1834, viveu por quase 25 anos, vindo a falecer a 4 de Junho de 1859.<\/p>\n<p>Outro ponto que chama a aten\u00e7\u00e3o \u00e9 que, dos quatro filhos que restaram, apenas um se casou. Este era o filho mais velho &#8211; Sijtze Sijtzes, que havia nascido a 20 de Julho de 1823. Ele casou em Maio de 1855, com Hiltje Hommes Kalma que vinha de Jellum. No registro civil do munic\u00edpio de Haskerland, encontramos que este Sijtze Sijtzes era agricultor e pecuarista, e se mudou de Joure para Mantgum no dia 6 de Maio de 1855.<\/p>\n<p>Pouco mais de dois meses depois, a 29 de Julho de 1855, faleceu Joukje Herres de Jong-Rinia. Como j\u00e1 foi mencionado, dos quatro filhos que ent\u00e3o ainda estavam com vida, Reinskje veio a falecer no dia 4 de Junho de 1859. Pouco tempo depois, Sijtze de Jong deve ter se mudado junto com seus tr\u00eas filhos solteiros, de Joure para uma ch\u00e1cara que ficava na continua\u00e7\u00e3o das ruas Oosterstraat e Overspitting em Westermeer, que \u00e0 \u00e9poca era um vilarejo independente. Disto sabemos porque, a partir de 1860, ele se encontra registrado o registro civil de Haskerland como pecuarista em Westermeer. Ele faleceu a 30 de Setembro de 1871, e seus tr\u00eas filhos continuam administrando e morando na ch\u00e1cara. Estes eram, em ordem de idade: IJke, nascido a 11 de Setembro de 1825; Reinder, nascido a 30 de Janeiro de 1837, e Tjeerd, nascido a 10 de Novembro de 1839.<\/p>\n<p>Tjeerd de Jong.[\/vc_column_text][\/vc_column_inner][\/vc_row_inner][vc_row_inner column_margin=&#8221;default&#8221; column_direction=&#8221;default&#8221; column_direction_tablet=&#8221;default&#8221; column_direction_phone=&#8221;default&#8221; text_align=&#8221;left&#8221;][vc_column_inner column_padding=&#8221;no-extra-padding&#8221; column_padding_tablet=&#8221;inherit&#8221; column_padding_phone=&#8221;inherit&#8221; column_padding_position=&#8221;all&#8221; column_element_spacing=&#8221;default&#8221; background_color_opacity=&#8221;1&#8243; background_hover_color_opacity=&#8221;1&#8243; column_shadow=&#8221;none&#8221; column_border_radius=&#8221;none&#8221; column_link_target=&#8221;_self&#8221; gradient_direction=&#8221;left_to_right&#8221; overlay_strength=&#8221;0.3&#8243; width=&#8221;1\/1&#8243; tablet_width_inherit=&#8221;default&#8221; bg_image_animation=&#8221;none&#8221; border_type=&#8221;simple&#8221; column_border_width=&#8221;none&#8221; column_border_style=&#8221;solid&#8221;][vc_column_text]\n<h3>Modo de vida germ\u00e2nico<\/h3>\n[\/vc_column_text][vc_column_text]E com isso, chegamos aos &#8220;runen&#8221; e ao &#8220;runenpleats&#8221;. Porque foi com este nome que IJke, Reinder e Tjeerd ficaram conhecidos, junto com a ch\u00e1cara onde viviam, at\u00e9 o dia de hoje. \u00c9 dif\u00edcil dizer com certeza de onde surgiu este nome. Conhecemos duas vers\u00f5es da hist\u00f3ria. A primeira vers\u00e3o diz que o nome foi derivado dos Rinia, e com isso seria uma corrup\u00e7\u00e3o de linguagem. Mais prov\u00e1vel \u00e9 que o nome \u201cde runen\u201d tenha sido relacionado com o modo de vida bastante germ\u00e2nico dos irm\u00e3os Reinder e Tjeerd, se bem que a rela\u00e7\u00e3o com as runas como antigas letras germ\u00e2nicas continua sem explica\u00e7\u00e3o. O que sabemos \u00e9 que Reinder e Tjeerd tinham como costume sair todos os dias de manh\u00e3 cedo, nus, para tomar um mergulho no Overspitting, o canal que passava em frente \u00e0 ch\u00e1cara. Mesmo nos meses de inverno, n\u00e3o desviavam deste costume. Quando necess\u00e1rio, talhavam um buraco no gelo, e ambos os irm\u00e3os entravam na \u00e1gua por este buraco. Para facilitar, a parte de frente da ch\u00e1cara, que era onde os irm\u00e3os dormiam, havia sido ampliada com uma esp\u00e9cie de ala para que pudessem sair diretamente pela janela do quarto de dormir e em poucos passos chegassem ao Overspitting.<\/p>\n<p>Outro costume \u201cgerm\u00e2nico\u201d era o de pendurar uma ovelha abatida numa \u00e1rvore ao lado da ch\u00e1cara, durante o inverno, para, sempre que necess\u00e1rio, cortar um peda\u00e7o de carne com um fac\u00e3o. Caso tivessem mais vontade de comer frango, era f\u00e1cil pegar o rev\u00f3lver e atirar numa das galinhas que andavam pelo p\u00e1tio. No come\u00e7o do outono, o estoque de galinhas era sempre ampliado com ajuda do barbeiro Dooitzen Wiebes de Boer, que criava galinhas, por um pre\u00e7o amig\u00e1vel de 35 centavos por cabe\u00e7a.<\/p>\n<p>Com o rev\u00f3lver, e \u00e0s vezes tamb\u00e9m com espingarda, de tempos em tempos sa\u00edam para ca\u00e7ar estorninhos e outras aves por eles consideradas como daninhas. A paix\u00e3o pelas armas de fogo transparece tamb\u00e9m no primeiro testamento (depois revogado) que Tjeerd firmou em 15 de Setembro de 1900, perante o not\u00e1rio de cart\u00f3rio K. Velding, em Joure, tendo como testemunhas os barbeiros Dooitzen Wiebes de Boer e Gerrit de Vries, ambos tamb\u00e9m de Joure. Na ocasi\u00e3o, indicou seu irm\u00e3o Reinder e sua irm\u00e3 IJke como herdeiros, mas legou \u201cuma soma de cinco florins\u201d ao seu primo Homme Sijtzes de Jong \u201cpara comprar um rev\u00f3lver&#8230;..\u201d.[\/vc_column_text][\/vc_column_inner][\/vc_row_inner][vc_row_inner column_margin=&#8221;default&#8221; column_direction=&#8221;default&#8221; column_direction_tablet=&#8221;default&#8221; column_direction_phone=&#8221;default&#8221; text_align=&#8221;left&#8221;][vc_column_inner column_padding=&#8221;no-extra-padding&#8221; column_padding_tablet=&#8221;inherit&#8221; column_padding_phone=&#8221;inherit&#8221; column_padding_position=&#8221;all&#8221; column_element_spacing=&#8221;default&#8221; background_color_opacity=&#8221;1&#8243; background_hover_color_opacity=&#8221;1&#8243; column_shadow=&#8221;none&#8221; column_border_radius=&#8221;none&#8221; column_link_target=&#8221;_self&#8221; gradient_direction=&#8221;left_to_right&#8221; overlay_strength=&#8221;0.3&#8243; width=&#8221;1\/1&#8243; tablet_width_inherit=&#8221;default&#8221; bg_image_animation=&#8221;none&#8221; border_type=&#8221;simple&#8221; column_border_width=&#8221;none&#8221; column_border_style=&#8221;solid&#8221;][vc_column_text]\n<h3>Dooitzen Wiebes de Boer<\/h3>\n[\/vc_column_text][vc_column_text]O fato de ter sido mencionado como testemunha no testamento de Tjeerd demonstra que, para a fam\u00edlia de Jong, o barbeiro Dooitzen Wiebes de Boer era mais do que um homem que sabia bem como manusear tesoura e navalha. Esta amizade sem d\u00favida provinha, dentre outros, do fato de que Sijtze de Jong e Dooitzen de Boer eram figuras conhecidas nas vendas. Al\u00e9m disso, Tjeerd de Jong preferia ser barbeado por Wiebe Dooitzen de Boer, filho de Dooitzen Wiebe de Boer, que havia aprendido a profiss\u00e3o com o pai. \u00c0 \u00e9poca, uma visita ao barbeiro custava 5 centavos, mas Tjeerd sempre pagava o dobro. N\u00e3o sabemos se era por estar t\u00e3o satisfeito pelo tratamento, ou por considerar os 5 centavos a mais como indeniza\u00e7\u00e3o pelo fato de seu irm\u00e3o Reinder usar barba e por isso raramente visitar o sal\u00e3o. Provavelmente tenha sido para expressar satisfa\u00e7\u00e3o pelo tratamento. Porque, quando um dia o jovem barbeiro teve o azar de fazer um corte no queixo do seu cliente, ficou sem receber a gorjeta!<\/p>\n<p>Apesar disso, economia era um tema importante para IJke, Reinder e Tjeerd de Jong. Por exemplo, a sala da ch\u00e1cara havia sido dividida em tr\u00eas porque desta forma cada um deles precisava pagar menos impostos.<\/p>\n<p>Pelo menos uma vez ao ano, o irm\u00e3o casado Sijtze Sijtzes vinha de Mantgum para lhes visitar em Joure. Isto era na quinta-feira da quermesse. Tamb\u00e9m depois do falecimento de Sijtze Sijtzes, a 4 de Novembro de 1907, no dia do &#8220;Jouster Merketongersdei&#8221; de 1908, na ch\u00e1cara \u00e0 beira do Overspitting a mesa estava feita para quatro pessoas. Porque sempre havia sido assim, e assim devia continuar a ser&#8230;..[\/vc_column_text][\/vc_column_inner][\/vc_row_inner][vc_row_inner column_margin=&#8221;default&#8221; column_direction=&#8221;default&#8221; column_direction_tablet=&#8221;default&#8221; column_direction_phone=&#8221;default&#8221; text_align=&#8221;left&#8221;][vc_column_inner column_padding=&#8221;no-extra-padding&#8221; column_padding_tablet=&#8221;inherit&#8221; column_padding_phone=&#8221;inherit&#8221; column_padding_position=&#8221;all&#8221; column_element_spacing=&#8221;default&#8221; background_color_opacity=&#8221;1&#8243; background_hover_color_opacity=&#8221;1&#8243; column_shadow=&#8221;none&#8221; column_border_radius=&#8221;none&#8221; column_link_target=&#8221;_self&#8221; gradient_direction=&#8221;left_to_right&#8221; overlay_strength=&#8221;0.3&#8243; width=&#8221;1\/1&#8243; tablet_width_inherit=&#8221;default&#8221; bg_image_animation=&#8221;none&#8221; border_type=&#8221;simple&#8221; column_border_width=&#8221;none&#8221; column_border_style=&#8221;solid&#8221;][vc_column_text]\n<h3>A administra\u00e7\u00e3o da ch\u00e1cara<\/h3>\n[\/vc_column_text][vc_column_text]As opini\u00f5es sobre as qualidades de ambos os irm\u00e3os divergem, de bastante positivas a muito negativas. Provavelmente, ambas as opini\u00f5es carregam em si um pouco da verdade. Tjeerd e Reinder tinham um modo de pensar pr\u00f3prio sobre muitas coisas, e dificilmente desviavam disto. Certamente n\u00e3o permitiam que outros lhes dissessem o que fazer ou n\u00e3o fazer. Por exemplo, antigamente em Joure havia uma regra de costume que n\u00e3o permitia que, no domingo, algu\u00e9m passasse pela rua principal em sentido contr\u00e1rio das muitas pessoas que aflu\u00edam para a igreja. Tjeerd e Reinder n\u00e3o se importavam nem um pouco com esta regra. Quando queriam, sa\u00edam no domingo com seu carro puxado por dois cavalos, passando pela Midstraat em alta velocidade, sem se importar com as pessoas que iam \u00e0 igreja.<\/p>\n<p>Voltando \u00e0 administra\u00e7\u00e3o da ch\u00e1cara, na \u00e9poca de colheita os irm\u00e3os estavam sempre bem-humorados e em boa forma. Isto se via porque gostavam de falar franc\u00eas um com o outro, principalmente durante a colheita, pondo em uso as aulas na \u201cEscola Francesa\u201d que na \u00e9poca existia em Joure. Tamb\u00e9m o empregado Meinte Bonthuis havia aprendido um tanto de palavras francesas nesta escola.<\/p>\n<p>Desta forma, um dia, enquanto os irm\u00e3os demonstravam orgulho do resultado da colheita, ele disse \u201coui, c\u2019est bon\u201d, dando uma modesta contribui\u00e7\u00e3o \u00e0 conversa que estava sendo levada em franc\u00eas. Acabaram lhe pagando 25 centavos de gorjeta!<\/p>\n<p>Mas h\u00e1 ainda uma outra hist\u00f3ria que ficou conhecida. Um bom lavrador sempre se esfor\u00e7a para trazer o feno para dentro enquanto esteja seco. Quando h\u00e1 sinais de chuva, todos ajudam para terminar o trabalho antes da chuva come\u00e7ar. Mas Reinder e Tjeerd n\u00e3o. Numa situa\u00e7\u00e3o assim, cantavam m\u00fasicas sem se preocupar com capim ou feno&#8230;..<\/p>\n<p>Mas apesar disso, o &#8220;runenpleats&#8221; era mais do que apenas uma ch\u00e1cara cercada por algumas terras. Haviam comprado tamb\u00e9m outras terras, em Joure e nos arredores. At\u00e9 hoje, nomes de ruas em Joure homenageiam algumas destas terras, como Iepensteinlaan e Wetterkamp.[\/vc_column_text][\/vc_column_inner][\/vc_row_inner][vc_row_inner column_margin=&#8221;default&#8221; column_direction=&#8221;default&#8221; column_direction_tablet=&#8221;default&#8221; column_direction_phone=&#8221;default&#8221; text_align=&#8221;left&#8221;][vc_column_inner column_padding=&#8221;no-extra-padding&#8221; column_padding_tablet=&#8221;inherit&#8221; column_padding_phone=&#8221;inherit&#8221; column_padding_position=&#8221;all&#8221; column_element_spacing=&#8221;default&#8221; background_color_opacity=&#8221;1&#8243; background_hover_color_opacity=&#8221;1&#8243; column_shadow=&#8221;none&#8221; column_border_radius=&#8221;none&#8221; column_link_target=&#8221;_self&#8221; gradient_direction=&#8221;left_to_right&#8221; overlay_strength=&#8221;0.3&#8243; width=&#8221;1\/1&#8243; tablet_width_inherit=&#8221;default&#8221; bg_image_animation=&#8221;none&#8221; border_type=&#8221;simple&#8221; column_border_width=&#8221;none&#8221; column_border_style=&#8221;solid&#8221;][vc_column_text]\n<h3>Como terminou<\/h3>\n[\/vc_column_text][vc_column_text]No final de 1909, IJke, Reinder e Tjeerd decidiram que era hora de parar, em Westermeer. IJke tinha ent\u00e3o 84 anos, Reinder, 72, e Tjeerd, 70. No dia 26 de Novembro arrendaram a ch\u00e1cara e um peda\u00e7o de terra que margeava o canal Zijlroede em Joure a Pieter Gerbens Andringa, de Huizum, pelo per\u00edodo de 1910 a 1915. O pre\u00e7o combinado era de 2.200 florins por ano. Dois dias depois, no dia 24 de Novembro de 1909, os irm\u00e3os e a irm\u00e3 partiram para Leeuwarden. Depois de findar o contrato, a ch\u00e1cara \u00e0s margens do Overspitting ainda foi arrendada mais uma vez. Isso aconteceu no dia 28 de Fevereiro de 1915.<\/p>\n<p>Por um per\u00edodo de dois anos, Sjouke Sjoerd Veenbaas de Oldeboorn se tornou o novo arrendat\u00e1rio, por uma quantia de 2.325 florins ao ano. Pouco depois de fechar este contrato, no dia 21 de Mar\u00e7o de 1915, IJke Sijtzes de Jong faleceu, na idade de quase 90 anos.<br \/>\nFinalmente, em Fevereiro de 1916, Reinder e Tjeerd venderam a ch\u00e1cara. A venda foi anunciada da seguinte forma: \u201cNa segunda-feira 14 de Fevereiro de 1916, no estabelecimento de Feitsma em Joure, o not\u00e1rio L. Oppendijk, radicado em Heerenveen, a pedido de seu colega L. K. van Griffen, radicado em Sint Anna Parochie, abrir\u00e1 a venda p\u00fablica provis\u00f3ria, e no dia 28 de Fevereiro, no estabelecimento de D. van der Feer, a venda final, sempre \u00e0s 14 horas, da casa que se mant\u00e9m em bom estado, incluindo est\u00e1bulo para 24 vacas, 6 bezerros e 3 cavalos, com espa\u00e7o pr\u00f3prio para carro, al\u00e9m de p\u00e1tio e quintal extensos, incluindo pela parte de tr\u00e1s tr\u00eas peda\u00e7os de terra fertil\u00edssima, tudo isto localizado \u00e0s margens do Overspitting em Westermeer nas proximidades de Joure, totalizando uma \u00e1rea de 8,75 hectares (aprox. 24 pondemaat), sendo arrendados a S. Veenbaas at\u00e9 5 de Mar\u00e7o respectivamente 12 de Maio de 1917, a ser vendido em conjunto ou em 4 parcelas.\u201d Na venda provis\u00f3ria, o lance mais alto para a ch\u00e1cara foi de 3.500 florins, e para os tr\u00eas terrenos, foi de 7.800, 5.700 e 4.300 florins, respectivamente. Quinze dias depois, na venda final, o senhor Oene Tiedes de Jong, de Joure, comprou a ch\u00e1cara e as terras, em conjunto, pela quantia de 21.500 florins.<\/p>\n<p>Da ch\u00e1cara original, pouco ou nada resta. Na segunda-feira 19 de Dezembro de 1927, o antigo &#8220;runenpleats&#8221;, que estava sendo habitado pela fam\u00edlia Hilarides, foi inteiramente destru\u00eddo por um inc\u00eandio. Felizmente o gado, totalizando 33 cabe\u00e7as, foi salvo, mas da ch\u00e1cara restaram apenas algumas paredes pretas de carv\u00e3o.[\/vc_column_text][\/vc_column_inner][\/vc_row_inner][vc_row_inner column_margin=&#8221;default&#8221; column_direction=&#8221;default&#8221; column_direction_tablet=&#8221;default&#8221; column_direction_phone=&#8221;default&#8221; bottom_padding=&#8221;60px&#8221; text_align=&#8221;left&#8221;][vc_column_inner column_padding=&#8221;no-extra-padding&#8221; column_padding_tablet=&#8221;inherit&#8221; column_padding_phone=&#8221;inherit&#8221; column_padding_position=&#8221;all&#8221; column_element_spacing=&#8221;default&#8221; background_color_opacity=&#8221;1&#8243; background_hover_color_opacity=&#8221;1&#8243; column_shadow=&#8221;none&#8221; column_border_radius=&#8221;none&#8221; column_link_target=&#8221;_self&#8221; gradient_direction=&#8221;left_to_right&#8221; overlay_strength=&#8221;0.3&#8243; width=&#8221;1\/1&#8243; tablet_width_inherit=&#8221;default&#8221; bg_image_animation=&#8221;none&#8221; border_type=&#8221;simple&#8221; column_border_width=&#8221;none&#8221; column_border_style=&#8221;solid&#8221;][vc_column_text]\n<h3>Para finalizar<\/h3>\n[\/vc_column_text][vc_column_text]Reinder e Tjeerd de Jong n\u00e3o chegaram a presenciar esta destrui\u00e7\u00e3o de \u201csua\u201d ch\u00e1cara. Reinder faleceu no dia 8 de Abril de 1919, na idade de 82 anos, e Tjeerd faleceu a 12 de Dezembro de 1921 no Bonifatius Hospitaal em Leeuwarden, tamb\u00e9m na idade de 82 anos. Ambos os irm\u00e3os, assim como a irm\u00e3 IJke, se encontram sepultados no cemit\u00e9rio p\u00fablico \u201cWestermeer\u201d, em Joure, a poucos metros de dist\u00e2ncia da ch\u00e1cara onde viveram e trabalharam por quase meio s\u00e9culo.<\/p>\n<p><strong>Joure, in\u00edcio de 1981, P.R. van der Zee<\/strong>.[\/vc_column_text][\/vc_column_inner][\/vc_row_inner][\/vc_column][\/vc_row]\n","protected":false},"excerpt":{"rendered":"<p>[vc_row type=&#8221;in_container&#8221; full_screen_row_position=&#8221;middle&#8221; column_margin=&#8221;default&#8221; column_direction=&#8221;default&#8221; column_direction_tablet=&#8221;default&#8221; column_direction_phone=&#8221;default&#8221; scene_position=&#8221;center&#8221; text_color=&#8221;dark&#8221; text_align=&#8221;left&#8221; row_border_radius=&#8221;none&#8221; row_border_radius_applies=&#8221;bg&#8221; overlay_strength=&#8221;0.3&#8243; gradient_direction=&#8221;left_to_right&#8221; shape_divider_position=&#8221;bottom&#8221; bg_image_animation=&#8221;none&#8221;][vc_column column_padding=&#8221;no-extra-padding&#8221; column_padding_tablet=&#8221;inherit&#8221; column_padding_phone=&#8221;inherit&#8221; column_padding_position=&#8221;all&#8221; column_element_spacing=&#8221;default&#8221; background_color_opacity=&#8221;1&#8243; background_hover_color_opacity=&#8221;1&#8243; column_shadow=&#8221;none&#8221; column_border_radius=&#8221;none&#8221; column_link_target=&#8221;_self&#8221; gradient_direction=&#8221;left_to_right&#8221; overlay_strength=&#8221;0.3&#8243; width=&#8221;1\/1&#8243; tablet_width_inherit=&#8221;default&#8221;&#8230;<\/p>\n","protected":false},"author":1,"featured_media":0,"parent":6946,"menu_order":0,"comment_status":"closed","ping_status":"closed","template":"","meta":{"footnotes":""},"class_list":["post-6968","page","type-page","status-publish"],"yoast_head":"<!-- This site is optimized with the Yoast SEO plugin v26.8 - https:\/\/yoast.com\/product\/yoast-seo-wordpress\/ -->\n<title>Historia - Stichting Gebrs. de Jong&#039;s Leen<\/title>\n<meta name=\"robots\" content=\"index, follow, max-snippet:-1, max-image-preview:large, max-video-preview:-1\" \/>\n<link rel=\"canonical\" href=\"https:\/\/www.dejongsleen.nl\/pt-pt\/quem-somos\/historia\/\" \/>\n<meta property=\"og:locale\" content=\"pt_PT\" \/>\n<meta property=\"og:type\" content=\"article\" \/>\n<meta property=\"og:title\" content=\"Historia - Stichting Gebrs. de Jong&#039;s Leen\" \/>\n<meta property=\"og:description\" content=\"[vc_row type=&#8221;in_container&#8221; full_screen_row_position=&#8221;middle&#8221; column_margin=&#8221;default&#8221; column_direction=&#8221;default&#8221; column_direction_tablet=&#8221;default&#8221; column_direction_phone=&#8221;default&#8221; scene_position=&#8221;center&#8221; text_color=&#8221;dark&#8221; text_align=&#8221;left&#8221; row_border_radius=&#8221;none&#8221; row_border_radius_applies=&#8221;bg&#8221; overlay_strength=&#8221;0.3&#8243; gradient_direction=&#8221;left_to_right&#8221; shape_divider_position=&#8221;bottom&#8221; bg_image_animation=&#8221;none&#8221;][vc_column column_padding=&#8221;no-extra-padding&#8221; column_padding_tablet=&#8221;inherit&#8221; column_padding_phone=&#8221;inherit&#8221; column_padding_position=&#8221;all&#8221; column_element_spacing=&#8221;default&#8221; background_color_opacity=&#8221;1&#8243; background_hover_color_opacity=&#8221;1&#8243; column_shadow=&#8221;none&#8221; column_border_radius=&#8221;none&#8221; column_link_target=&#8221;_self&#8221; gradient_direction=&#8221;left_to_right&#8221; overlay_strength=&#8221;0.3&#8243; width=&#8221;1\/1&#8243; tablet_width_inherit=&#8221;default&#8221;...\" \/>\n<meta property=\"og:url\" content=\"https:\/\/www.dejongsleen.nl\/pt-pt\/quem-somos\/historia\/\" \/>\n<meta property=\"og:site_name\" content=\"Stichting Gebrs. de Jong&#039;s Leen\" \/>\n<meta property=\"article:modified_time\" content=\"2022-03-22T14:47:12+00:00\" \/>\n<meta name=\"twitter:card\" content=\"summary_large_image\" \/>\n<meta name=\"twitter:label1\" content=\"Tempo estimado de leitura\" \/>\n\t<meta name=\"twitter:data1\" content=\"17 minutos\" \/>\n<script type=\"application\/ld+json\" class=\"yoast-schema-graph\">{\"@context\":\"https:\/\/schema.org\",\"@graph\":[{\"@type\":\"WebPage\",\"@id\":\"https:\/\/www.dejongsleen.nl\/pt-pt\/quem-somos\/historia\/\",\"url\":\"https:\/\/www.dejongsleen.nl\/pt-pt\/quem-somos\/historia\/\",\"name\":\"Historia - Stichting Gebrs. de Jong&#039;s Leen\",\"isPartOf\":{\"@id\":\"https:\/\/www.dejongsleen.nl\/nl\/#website\"},\"datePublished\":\"2022-03-22T09:53:55+00:00\",\"dateModified\":\"2022-03-22T14:47:12+00:00\",\"breadcrumb\":{\"@id\":\"https:\/\/www.dejongsleen.nl\/pt-pt\/quem-somos\/historia\/#breadcrumb\"},\"inLanguage\":\"pt-PT\",\"potentialAction\":[{\"@type\":\"ReadAction\",\"target\":[\"https:\/\/www.dejongsleen.nl\/pt-pt\/quem-somos\/historia\/\"]}]},{\"@type\":\"BreadcrumbList\",\"@id\":\"https:\/\/www.dejongsleen.nl\/pt-pt\/quem-somos\/historia\/#breadcrumb\",\"itemListElement\":[{\"@type\":\"ListItem\",\"position\":1,\"name\":\"Home\",\"item\":\"https:\/\/www.dejongsleen.nl\/pt-pt\/\"},{\"@type\":\"ListItem\",\"position\":2,\"name\":\"Quem somos\",\"item\":\"https:\/\/www.dejongsleen.nl\/pt-pt\/quem-somos\/\"},{\"@type\":\"ListItem\",\"position\":3,\"name\":\"Historia\"}]},{\"@type\":\"WebSite\",\"@id\":\"https:\/\/www.dejongsleen.nl\/nl\/#website\",\"url\":\"https:\/\/www.dejongsleen.nl\/nl\/\",\"name\":\"Stichting Gebrs. de Jong&#039;s Leen\",\"description\":\"\",\"potentialAction\":[{\"@type\":\"SearchAction\",\"target\":{\"@type\":\"EntryPoint\",\"urlTemplate\":\"https:\/\/www.dejongsleen.nl\/nl\/?s={search_term_string}\"},\"query-input\":{\"@type\":\"PropertyValueSpecification\",\"valueRequired\":true,\"valueName\":\"search_term_string\"}}],\"inLanguage\":\"pt-PT\"}]}<\/script>\n<!-- \/ Yoast SEO plugin. -->","yoast_head_json":{"title":"Historia - Stichting Gebrs. de Jong&#039;s Leen","robots":{"index":"index","follow":"follow","max-snippet":"max-snippet:-1","max-image-preview":"max-image-preview:large","max-video-preview":"max-video-preview:-1"},"canonical":"https:\/\/www.dejongsleen.nl\/pt-pt\/quem-somos\/historia\/","og_locale":"pt_PT","og_type":"article","og_title":"Historia - Stichting Gebrs. de Jong&#039;s Leen","og_description":"[vc_row type=&#8221;in_container&#8221; full_screen_row_position=&#8221;middle&#8221; column_margin=&#8221;default&#8221; column_direction=&#8221;default&#8221; column_direction_tablet=&#8221;default&#8221; column_direction_phone=&#8221;default&#8221; scene_position=&#8221;center&#8221; text_color=&#8221;dark&#8221; text_align=&#8221;left&#8221; row_border_radius=&#8221;none&#8221; row_border_radius_applies=&#8221;bg&#8221; overlay_strength=&#8221;0.3&#8243; gradient_direction=&#8221;left_to_right&#8221; shape_divider_position=&#8221;bottom&#8221; bg_image_animation=&#8221;none&#8221;][vc_column column_padding=&#8221;no-extra-padding&#8221; column_padding_tablet=&#8221;inherit&#8221; column_padding_phone=&#8221;inherit&#8221; column_padding_position=&#8221;all&#8221; column_element_spacing=&#8221;default&#8221; background_color_opacity=&#8221;1&#8243; background_hover_color_opacity=&#8221;1&#8243; column_shadow=&#8221;none&#8221; column_border_radius=&#8221;none&#8221; column_link_target=&#8221;_self&#8221; gradient_direction=&#8221;left_to_right&#8221; overlay_strength=&#8221;0.3&#8243; width=&#8221;1\/1&#8243; tablet_width_inherit=&#8221;default&#8221;...","og_url":"https:\/\/www.dejongsleen.nl\/pt-pt\/quem-somos\/historia\/","og_site_name":"Stichting Gebrs. de Jong&#039;s Leen","article_modified_time":"2022-03-22T14:47:12+00:00","twitter_card":"summary_large_image","twitter_misc":{"Tempo estimado de leitura":"17 minutos"},"schema":{"@context":"https:\/\/schema.org","@graph":[{"@type":"WebPage","@id":"https:\/\/www.dejongsleen.nl\/pt-pt\/quem-somos\/historia\/","url":"https:\/\/www.dejongsleen.nl\/pt-pt\/quem-somos\/historia\/","name":"Historia - Stichting Gebrs. de Jong&#039;s Leen","isPartOf":{"@id":"https:\/\/www.dejongsleen.nl\/nl\/#website"},"datePublished":"2022-03-22T09:53:55+00:00","dateModified":"2022-03-22T14:47:12+00:00","breadcrumb":{"@id":"https:\/\/www.dejongsleen.nl\/pt-pt\/quem-somos\/historia\/#breadcrumb"},"inLanguage":"pt-PT","potentialAction":[{"@type":"ReadAction","target":["https:\/\/www.dejongsleen.nl\/pt-pt\/quem-somos\/historia\/"]}]},{"@type":"BreadcrumbList","@id":"https:\/\/www.dejongsleen.nl\/pt-pt\/quem-somos\/historia\/#breadcrumb","itemListElement":[{"@type":"ListItem","position":1,"name":"Home","item":"https:\/\/www.dejongsleen.nl\/pt-pt\/"},{"@type":"ListItem","position":2,"name":"Quem somos","item":"https:\/\/www.dejongsleen.nl\/pt-pt\/quem-somos\/"},{"@type":"ListItem","position":3,"name":"Historia"}]},{"@type":"WebSite","@id":"https:\/\/www.dejongsleen.nl\/nl\/#website","url":"https:\/\/www.dejongsleen.nl\/nl\/","name":"Stichting Gebrs. de Jong&#039;s Leen","description":"","potentialAction":[{"@type":"SearchAction","target":{"@type":"EntryPoint","urlTemplate":"https:\/\/www.dejongsleen.nl\/nl\/?s={search_term_string}"},"query-input":{"@type":"PropertyValueSpecification","valueRequired":true,"valueName":"search_term_string"}}],"inLanguage":"pt-PT"}]}},"_links":{"self":[{"href":"https:\/\/www.dejongsleen.nl\/pt-pt\/wp-json\/wp\/v2\/pages\/6968","targetHints":{"allow":["GET"]}}],"collection":[{"href":"https:\/\/www.dejongsleen.nl\/pt-pt\/wp-json\/wp\/v2\/pages"}],"about":[{"href":"https:\/\/www.dejongsleen.nl\/pt-pt\/wp-json\/wp\/v2\/types\/page"}],"author":[{"embeddable":true,"href":"https:\/\/www.dejongsleen.nl\/pt-pt\/wp-json\/wp\/v2\/users\/1"}],"replies":[{"embeddable":true,"href":"https:\/\/www.dejongsleen.nl\/pt-pt\/wp-json\/wp\/v2\/comments?post=6968"}],"version-history":[{"count":3,"href":"https:\/\/www.dejongsleen.nl\/pt-pt\/wp-json\/wp\/v2\/pages\/6968\/revisions"}],"predecessor-version":[{"id":6971,"href":"https:\/\/www.dejongsleen.nl\/pt-pt\/wp-json\/wp\/v2\/pages\/6968\/revisions\/6971"}],"up":[{"embeddable":true,"href":"https:\/\/www.dejongsleen.nl\/pt-pt\/wp-json\/wp\/v2\/pages\/6946"}],"wp:attachment":[{"href":"https:\/\/www.dejongsleen.nl\/pt-pt\/wp-json\/wp\/v2\/media?parent=6968"}],"curies":[{"name":"wp","href":"https:\/\/api.w.org\/{rel}","templated":true}]}}